{"id":15427,"date":"2022-04-01T19:42:48","date_gmt":"2022-04-01T17:42:48","guid":{"rendered":"https:\/\/nadegelelievre.com\/?page_id=15427"},"modified":"2025-10-23T11:51:04","modified_gmt":"2025-10-23T09:51:04","slug":"la-legende-du-colibri","status":"publish","type":"page","link":"https:\/\/nadegelelievre.com\/?page_id=15427","title":{"rendered":"Ateliers"},"content":{"rendered":"<div class=\"wp-block-image is-style-default\">\n<figure class=\"alignleft size-large\"><img data-recalc-dims=\"1\" loading=\"lazy\" decoding=\"async\" width=\"674\" height=\"450\" data-attachment-id=\"18298\" data-permalink=\"https:\/\/nadegelelievre.com\/?attachment_id=18298\" data-orig-file=\"https:\/\/i0.wp.com\/nadegelelievre.com\/wp-content\/uploads\/2025\/05\/Ateliers1.jpg?fit=1600%2C1067&amp;ssl=1\" data-orig-size=\"1600,1067\" data-comments-opened=\"0\" data-image-meta=\"{&quot;aperture&quot;:&quot;0&quot;,&quot;credit&quot;:&quot;&quot;,&quot;camera&quot;:&quot;&quot;,&quot;caption&quot;:&quot;&quot;,&quot;created_timestamp&quot;:&quot;0&quot;,&quot;copyright&quot;:&quot;&quot;,&quot;focal_length&quot;:&quot;0&quot;,&quot;iso&quot;:&quot;0&quot;,&quot;shutter_speed&quot;:&quot;0&quot;,&quot;title&quot;:&quot;&quot;,&quot;orientation&quot;:&quot;0&quot;}\" data-image-title=\"Ateliers1\" data-image-description=\"\" data-image-caption=\"\" data-large-file=\"https:\/\/i0.wp.com\/nadegelelievre.com\/wp-content\/uploads\/2025\/05\/Ateliers1.jpg?fit=674%2C450&amp;ssl=1\" src=\"https:\/\/i0.wp.com\/nadegelelievre.com\/wp-content\/uploads\/2025\/05\/Ateliers1.jpg?resize=674%2C450&#038;ssl=1\" alt=\"\" class=\"wp-image-18298\" srcset=\"https:\/\/i0.wp.com\/nadegelelievre.com\/wp-content\/uploads\/2025\/05\/Ateliers1.jpg?resize=1024%2C683&amp;ssl=1 1024w, https:\/\/i0.wp.com\/nadegelelievre.com\/wp-content\/uploads\/2025\/05\/Ateliers1.jpg?resize=300%2C200&amp;ssl=1 300w, https:\/\/i0.wp.com\/nadegelelievre.com\/wp-content\/uploads\/2025\/05\/Ateliers1.jpg?resize=150%2C100&amp;ssl=1 150w, https:\/\/i0.wp.com\/nadegelelievre.com\/wp-content\/uploads\/2025\/05\/Ateliers1.jpg?resize=768%2C512&amp;ssl=1 768w, https:\/\/i0.wp.com\/nadegelelievre.com\/wp-content\/uploads\/2025\/05\/Ateliers1.jpg?resize=1536%2C1024&amp;ssl=1 1536w, https:\/\/i0.wp.com\/nadegelelievre.com\/wp-content\/uploads\/2025\/05\/Ateliers1.jpg?resize=1200%2C800&amp;ssl=1 1200w, https:\/\/i0.wp.com\/nadegelelievre.com\/wp-content\/uploads\/2025\/05\/Ateliers1.jpg?resize=640%2C427&amp;ssl=1 640w, https:\/\/i0.wp.com\/nadegelelievre.com\/wp-content\/uploads\/2025\/05\/Ateliers1.jpg?resize=880%2C587&amp;ssl=1 880w, https:\/\/i0.wp.com\/nadegelelievre.com\/wp-content\/uploads\/2025\/05\/Ateliers1.jpg?w=1600&amp;ssl=1 1600w, https:\/\/i0.wp.com\/nadegelelievre.com\/wp-content\/uploads\/2025\/05\/Ateliers1.jpg?w=1348&amp;ssl=1 1348w\" sizes=\"auto, (max-width: 674px) 100vw, 674px\" \/><\/figure>\n<\/div>\n\n\n<hr class=\"wp-block-separator has-text-color has-white-color has-alpha-channel-opacity has-white-background-color has-background\"\/>\n\n\n\n<h5 class=\"wp-block-heading\" style=\"line-height:1.4\">Un lieu pour renouer avec sa cr\u00e9ativit\u00e9, apprivoiser l&rsquo;aquarelle ou lib\u00e9rer son geste, en douceur et \u00e0 son rythme.<\/h5>\n\n\n\n<p class=\"wp-block-paragraph\">Je suis artiste plasticienne et graphiste, avec un parcours nourri de plusieurs exp\u00e9riences dans le domaine artistique et p\u00e9dagogique. Apr\u00e8s un passage aux Beaux-Arts, j\u2019ai \u00e9largi mes comp\u00e9tences au graphisme, au stylisme, au mod\u00e9lisme, puis je me suis form\u00e9e \u00e0 l\u2019art-th\u00e9rapie ainsi qu\u2019\u00e0 la p\u00e9dagogie. Toutes ces exp\u00e9riences crois\u00e9es nourrissent aujourd\u2019hui ma fa\u00e7on d\u2019accompagner chaque personne de tout \u00e2ge, dans une d\u00e9marche cr\u00e9ative sensible, respectueuse du rythme et des besoins de chacun\u00b7e.<\/p>\n\n\n\n<p class=\"wp-block-paragraph\">Depuis plusieurs ann\u00e9es, je d\u00e9veloppe une pratique personnelle de l\u2019aquarelle et du dessin, entre intuition, observation de la nature, et expression libre. Ce cheminement personnel me donne aujourd\u2019hui l\u2019\u00e9lan de proposer des ateliers qui permettent \u00e0 chacun\u00b7e de se r\u00e9approprier sa cr\u00e9ativit\u00e9, de s\u2019initier aux outils, ou de d\u00e9passer certains freins dans un cadre s\u00e9curisant et sans jugement.<\/p>\n\n\n\n<p class=\"wp-block-paragraph\">Je ne suis pas art-th\u00e9rapeute dipl\u00f4m\u00e9e, mais ma formation et mon exp\u00e9rience me permettent d\u2019offrir un cadre d\u2019\u00e9coute et de soutien, o\u00f9 le processus cr\u00e9atif est au c\u0153ur de l\u2019atelier.<\/p>\n\n\n\n<h4 class=\"wp-block-heading\">Deux approches, un m\u00eame esprit<\/h4>\n\n\n\n<h5 class=\"wp-block-heading\">Ateliers d\u2019initiation \u00e0 l\u2019aquarelle<\/h5>\n\n\n\n<p class=\"wp-block-paragraph\">Pour d\u00e9couvrir cette technique \u00e0 votre rythme : quel mat\u00e9riel choisir, comment l\u2019utiliser, comment exp\u00e9rimenter librement sans recherche de \u201cbeau\u201d. Ces ateliers s\u2019adressent aux d\u00e9butant\u00b7es curieux\u00b7ses ou aux personnes ayant d\u00e9j\u00e0 un peu pratiqu\u00e9 et souhaitant explorer autrement.<\/p>\n\n\n\n<h5 class=\"wp-block-heading\">Ateliers d\u2019expression cr\u00e9ative (approche sensible)<\/h5>\n\n\n\n<p class=\"wp-block-paragraph\">Pour les personnes qui se sentent frein\u00e9es dans leur \u00e9lan cr\u00e9atif : \u201cje n\u2019ose pas\u201d, \u201cje ne suis pas dou\u00e9\u00b7e\u201d, \u201cje n\u2019ai pas fait d\u2019art\u201d\u2026 Ces ateliers proposent un espace d\u2019\u00e9coute et d\u2019exploration douce pour d\u00e9passer les peurs li\u00e9es \u00e0 la cr\u00e9ation, contourner les blocages, et retrouver un lien joyeux avec sa propre expression.<\/p>\n\n\n\n<h6 class=\"wp-block-heading\">Pour les enfants<\/h6>\n\n\n\n<p class=\"wp-block-paragraph\">Certains enfants trouvent dans le dessin et la peinture un espace d\u2019expression pr\u00e9cieux, notamment s\u2019ils ont du mal \u00e0 mettre les choses en mots. Ces ateliers ne sont pas r\u00e9cr\u00e9atifs mais pens\u00e9s comme un accompagnement personnalis\u00e9, adapt\u00e9 aux besoins et aux envies de chaque enfant (initiation ou expression cr\u00e9ative).<\/p>\n\n\n\n<p class=\"wp-block-paragraph\">J\u2019accompagne les enfants \u00e0 partir de 7 ans dans un cadre bienveillant et encourageant, en les aidant \u00e0 d\u00e9passer leurs blocages, \u00e0 explorer leur cr\u00e9ativit\u00e9, et \u00e0 identifier leurs points d\u2019appui personnels. Cet accompagnement vise \u00e0 renforcer la confiance en soi et \u00e0 favoriser une relation plus apais\u00e9e et joyeuse \u00e0 l\u2019acte de cr\u00e9er.<\/p>\n\n\n\n<p class=\"wp-block-paragraph\">Je propose \u00e9galement des s\u00e9ances en duo adulte-enfant (\u00e0 partir de 6 ou 7 ans). Ce format permet de partager un moment cr\u00e9atif ensemble, tout en donnant des cl\u00e9s \u00e0 l\u2019adulte pour soutenir l\u2019enfant dans sa cr\u00e9ativit\u00e9. Ces s\u00e9ances favorisent la relation, l\u2019\u00e9change, et aident l\u2019enfant \u00e0 prendre conscience de ses ressources, avec l\u2019appui de l\u2019adulte et de mon accompagnement.<\/p>\n\n\n\n<h4 class=\"wp-block-heading\">Infos pratiques<\/h4>\n\n\n\n<p class=\"has-black-color has-text-color has-link-color wp-elements-baa25f925d6cf0595d278bd54a8a7665 wp-block-paragraph\"><strong>Lieu :<\/strong> \u00e0 mon atelier situ\u00e9 \u00e0 Montigny-le-Bretonneux <em>( jusqu&rsquo;au 5 juillet, puis d\u00e8s septembre )<\/em>.<br>\u00c0 partir du 8 juillet et jusqu&rsquo;\u00e0 fin ao\u00fbt, les ateliers sont propos\u00e9s \u00e0 Arzon, dans le Morbihan (56).<br><em>Visio possible sur demande, si besoin de souplesse ou de distance<\/em><\/p>\n\n\n\n<p class=\"wp-block-paragraph\"><strong>Format :<\/strong> individuel ou en petits groupes (5 personnes maximum)<\/p>\n\n\n\n<p class=\"wp-block-paragraph\"><strong>Mat\u00e9riel :<\/strong> je fournis le mat\u00e9riel au premier atelier (avec conseils personnalis\u00e9s pour s\u2019\u00e9quiper). Ensuite, chaque participant\u00b7e vient avec son propre mat\u00e9riel (adapt\u00e9 \u00e0 ses besoins et go\u00fbts). Si vous avez d\u00e9j\u00e0 du mat\u00e9riel, vous pouvez l\u2019apporter d\u00e8s la premi\u00e8re s\u00e9ance.<\/p>\n\n\n\n<p class=\"wp-block-paragraph\"><strong>Dur\u00e9e :<\/strong> ateliers de 1h ou 1h30 selon les besoins<br>Cycles de 2 \u00e0 3 s\u00e9ances possibles pour l\u2019initiation ou le travail autour des freins cr\u00e9atifs<br>Possibilit\u00e9 d\u2019offrir un atelier ou un cycle sous forme de bon cadeau<\/p>\n\n\n\n<h5 class=\"wp-block-heading\">Tarifs<\/h5>\n\n\n\n<p class=\"wp-block-paragraph\"><strong>Ateliers individuels<\/strong><br>\u2022 S\u00e9ance de 1h : 50 \u20ac<br>\u2022 S\u00e9ance de 1h30 : 65 \u20ac<br>\u2022 Forfait 3 s\u00e9ances de 1h30 : 180 \u20ac<\/p>\n\n\n\n<p class=\"wp-block-paragraph\"><strong>Ateliers enfants seuls (de 7 \u00e0 12 ans)<\/strong><br>\u2022 S\u00e9ance de 1h : 40 \u20ac<br>\u2022 S\u00e9ance de 1h30 : 55 \u20ac<br>\u2022 Forfait de 3 s\u00e9ances de 1h30 : 150 \u20ac <\/p>\n\n\n\n<p class=\"wp-block-paragraph\"><strong>Ateliers duo enfant + adulte (\u00e0 partir de 6 ans)<\/strong><br>\u2022 S\u00e9ance de 1h : 60 \u20ac le duo<br>\u2022 S\u00e9ance de 1h30 : 75 \u20ac le duo<br>\u2022 Forfait de 3 s\u00e9ances de 1h30 : 210 \u20ac le duo<br><\/p>\n\n\n\n<p class=\"wp-block-paragraph\"><strong>Ateliers en groupe \u2014 sur demande<\/strong><br>Les ateliers en petits groupes sont propos\u00e9s r\u00e9guli\u00e8rement d\u00e8s que j\u2019ai r\u00e9uni un minimum de participants (3 \u00e0 4 personnes selon les cas).<br>Si vous \u00eates int\u00e9ress\u00e9\u00b7e par cette formule, vous pouvez m\u2019\u00e9crire \u00e0 cette adresse pour \u00eatre inform\u00e9\u00b7e des prochaines dates disponibles : <a href=\"mailto:ateliers@nadegelelievre.com\">ateliers@nadegelelievre.com<\/a><br>D\u00e8s qu\u2019un groupe est constitu\u00e9, je reviens vers vous avec des propositions de cr\u00e9neaux.<br>Aucune r\u00e9servation ne sera confirm\u00e9e avant validation de la date.<br>\u2022 S\u00e9ance de 1h30 : 30 \u20ac \/ personne<\/p>\n\n\n\n<p class=\"wp-block-paragraph\">Si le tarif est un frein, n&rsquo;h\u00e9sitez pas \u00e0 m&rsquo;en parler : des ajustements sont possibles en fonction de votre situation. Mon souhait est que ces ateliers restent accessibles, tout en valorisant le temps et l&rsquo;engagement que j&rsquo;y consacre.<\/p>\n\n\n\n<h5 class=\"wp-block-heading\">R\u00e9server un atelier<\/h5>\n\n\n\n<p class=\"wp-block-paragraph\">Contactez-moi par mail pour toute question ou r\u00e9servation : <a href=\"mailto:ateliers@nadegelelievre.com\">ateliers@nadegelelievre.com<\/a><br>Une r\u00e9servation en ligne est possible dans la section <a href=\"https:\/\/nadegelelievre.com\/?product_cat=ateliers\">Ateliers<\/a> de la boutique. <br>Les ateliers ont lieu \u00e0 mon atelier \u00e0 Montigny-le-Bretonneux (78), \u00e0 Arzon (56).<\/p>\n\n\n\n<p class=\"wp-block-paragraph\">Les ateliers ont lieu le <strong>mercredi<\/strong> et le <strong>samedi<\/strong> <strong>apr\u00e8s-midi<\/strong> dans les Yvelines et tous les jours sauf le dimanche \u00e0 Arzon.<\/p>\n\n\n\n<p class=\"wp-block-paragraph\">Des cr\u00e9neaux sont g\u00e9n\u00e9ralement propos\u00e9s entre <strong>15h et 19h<\/strong>, mais les horaires peuvent s\u2019adapter selon vos besoins. N\u2019h\u00e9sitez pas \u00e0 me contacter pour en discuter.<\/p>\n\n\n\n<p class=\"wp-block-paragraph\"><strong>Annulation et remboursement :<\/strong><\/p>\n\n\n\n<p class=\"wp-block-paragraph\">En cas d\u2019emp\u00eachement, merci de pr\u00e9venir au moins <strong>48h \u00e0 l\u2019avance<\/strong>.<br>Au-del\u00e0 de ce d\u00e9lai, <strong>la s\u00e9ance ne pourra pas \u00eatre rembours\u00e9e<\/strong>, sauf cas exceptionnel.<br>Cette r\u00e8gle permet de garantir une bonne organisation des ateliers et de lib\u00e9rer la place pour une autre personne.<\/p>\n\n\n<div class=\"wp-block-image is-style-rounded\">\n<figure class=\"aligncenter size-full is-resized\"><img data-recalc-dims=\"1\" loading=\"lazy\" decoding=\"async\" width=\"674\" height=\"674\" data-attachment-id=\"15432\" data-permalink=\"https:\/\/nadegelelievre.com\/?attachment_id=15432\" data-orig-file=\"https:\/\/i0.wp.com\/nadegelelievre.com\/wp-content\/uploads\/2022\/04\/Birdy40.jpg?fit=800%2C800&amp;ssl=1\" data-orig-size=\"800,800\" data-comments-opened=\"0\" data-image-meta=\"{&quot;aperture&quot;:&quot;0&quot;,&quot;credit&quot;:&quot;&quot;,&quot;camera&quot;:&quot;&quot;,&quot;caption&quot;:&quot;&quot;,&quot;created_timestamp&quot;:&quot;0&quot;,&quot;copyright&quot;:&quot;&quot;,&quot;focal_length&quot;:&quot;0&quot;,&quot;iso&quot;:&quot;0&quot;,&quot;shutter_speed&quot;:&quot;0&quot;,&quot;title&quot;:&quot;&quot;,&quot;orientation&quot;:&quot;0&quot;}\" data-image-title=\"Birdy40\" data-image-description=\"\" data-image-caption=\"\" data-large-file=\"https:\/\/i0.wp.com\/nadegelelievre.com\/wp-content\/uploads\/2022\/04\/Birdy40.jpg?fit=674%2C674&amp;ssl=1\" src=\"https:\/\/i0.wp.com\/nadegelelievre.com\/wp-content\/uploads\/2022\/04\/Birdy40.jpg?resize=674%2C674&#038;ssl=1\" alt=\"\" class=\"wp-image-15432\" style=\"width:400px;height:400px\" srcset=\"https:\/\/i0.wp.com\/nadegelelievre.com\/wp-content\/uploads\/2022\/04\/Birdy40.jpg?w=800&amp;ssl=1 800w, https:\/\/i0.wp.com\/nadegelelievre.com\/wp-content\/uploads\/2022\/04\/Birdy40.jpg?resize=300%2C300&amp;ssl=1 300w, https:\/\/i0.wp.com\/nadegelelievre.com\/wp-content\/uploads\/2022\/04\/Birdy40.jpg?resize=150%2C150&amp;ssl=1 150w, https:\/\/i0.wp.com\/nadegelelievre.com\/wp-content\/uploads\/2022\/04\/Birdy40.jpg?resize=768%2C768&amp;ssl=1 768w, https:\/\/i0.wp.com\/nadegelelievre.com\/wp-content\/uploads\/2022\/04\/Birdy40.jpg?resize=400%2C400&amp;ssl=1 400w, https:\/\/i0.wp.com\/nadegelelievre.com\/wp-content\/uploads\/2022\/04\/Birdy40.jpg?resize=200%2C200&amp;ssl=1 200w, https:\/\/i0.wp.com\/nadegelelievre.com\/wp-content\/uploads\/2022\/04\/Birdy40.jpg?resize=640%2C640&amp;ssl=1 640w, https:\/\/i0.wp.com\/nadegelelievre.com\/wp-content\/uploads\/2022\/04\/Birdy40.jpg?resize=480%2C480&amp;ssl=1 480w, https:\/\/i0.wp.com\/nadegelelievre.com\/wp-content\/uploads\/2022\/04\/Birdy40.jpg?resize=220%2C220&amp;ssl=1 220w, https:\/\/i0.wp.com\/nadegelelievre.com\/wp-content\/uploads\/2022\/04\/Birdy40.jpg?resize=50%2C50&amp;ssl=1 50w\" sizes=\"auto, (max-width: 674px) 100vw, 674px\" \/><\/figure>\n<\/div>","protected":false},"excerpt":{"rendered":"<p>Un lieu pour renouer avec sa cr\u00e9ativit\u00e9, apprivoiser l&rsquo;aquarelle ou lib\u00e9rer son geste, en douceur et \u00e0 son rythme. Je suis artiste plasticienne et graphiste, avec un parcours nourri de plusieurs exp\u00e9riences dans le domaine artistique et p\u00e9dagogique. Apr\u00e8s un passage aux Beaux-Arts, j\u2019ai \u00e9largi mes comp\u00e9tences au graphisme, au stylisme, au mod\u00e9lisme, puis je me suis form\u00e9e \u00e0 l\u2019art-th\u00e9rapie ainsi qu\u2019\u00e0 la p\u00e9dagogie. &hellip; <a href=\"https:\/\/nadegelelievre.com\/?page_id=15427\" class=\"read-more\">Lire la suite <span class=\"screen-reader-text\">Ateliers<\/span><\/a><\/p>\n","protected":false},"author":42316807,"featured_media":0,"parent":0,"menu_order":0,"comment_status":"closed","ping_status":"closed","template":"","meta":{"_coblocks_attr":"","_coblocks_dimensions":"","_coblocks_responsive_height":"","_coblocks_accordion_ie_support":"","_crdt_document":"","footnotes":""},"class_list":["post-15427","page","type-page","status-publish","hentry"],"yoast_head":"<!-- This site is optimized with the Yoast SEO plugin v27.4 - https:\/\/yoast.com\/product\/yoast-seo-wordpress\/ -->\n<title>Ateliers &#8902; Nadege Lelievre<\/title>\n<meta name=\"robots\" content=\"index, follow, max-snippet:-1, max-image-preview:large, max-video-preview:-1\" \/>\n<link rel=\"canonical\" href=\"https:\/\/nadegelelievre.com\/?page_id=15427\" \/>\n<meta property=\"og:locale\" content=\"fr_FR\" \/>\n<meta property=\"og:type\" content=\"article\" \/>\n<meta property=\"og:title\" content=\"Ateliers &#8902; Nadege Lelievre\" \/>\n<meta property=\"og:description\" content=\"Un lieu pour renouer avec sa cr\u00e9ativit\u00e9, apprivoiser l&rsquo;aquarelle ou lib\u00e9rer son geste, en douceur et \u00e0 son rythme. Je suis artiste plasticienne et graphiste, avec un parcours nourri de plusieurs exp\u00e9riences dans le domaine artistique et p\u00e9dagogique. Apr\u00e8s un passage aux Beaux-Arts, j\u2019ai \u00e9largi mes comp\u00e9tences au graphisme, au stylisme, au mod\u00e9lisme, puis je me suis form\u00e9e \u00e0 l\u2019art-th\u00e9rapie ainsi qu\u2019\u00e0 la p\u00e9dagogie. &hellip; Lire la suite Ateliers\" \/>\n<meta property=\"og:url\" content=\"https:\/\/nadegelelievre.com\/?page_id=15427\" \/>\n<meta property=\"og:site_name\" content=\"Nadege Lelievre\" \/>\n<meta property=\"article:modified_time\" content=\"2025-10-23T09:51:04+00:00\" \/>\n<meta property=\"og:image\" content=\"https:\/\/nadegelelievre.com\/wp-content\/uploads\/2025\/05\/Ateliers1-1024x683.jpg\" \/>\n<meta name=\"twitter:card\" content=\"summary_large_image\" \/>\n<meta name=\"twitter:label1\" content=\"Dur\u00e9e de lecture estim\u00e9e\" \/>\n\t<meta name=\"twitter:data1\" content=\"6 minutes\" \/>\n<script type=\"application\/ld+json\" class=\"yoast-schema-graph\">{\"@context\":\"https:\\\/\\\/schema.org\",\"@graph\":[{\"@type\":\"WebPage\",\"@id\":\"https:\\\/\\\/nadegelelievre.com\\\/?page_id=15427\",\"url\":\"https:\\\/\\\/nadegelelievre.com\\\/?page_id=15427\",\"name\":\"Ateliers &#8902; Nadege Lelievre\",\"isPartOf\":{\"@id\":\"https:\\\/\\\/nadegelelievre.com\\\/#website\"},\"primaryImageOfPage\":{\"@id\":\"https:\\\/\\\/nadegelelievre.com\\\/?page_id=15427#primaryimage\"},\"image\":{\"@id\":\"https:\\\/\\\/nadegelelievre.com\\\/?page_id=15427#primaryimage\"},\"thumbnailUrl\":\"https:\\\/\\\/nadegelelievre.com\\\/wp-content\\\/uploads\\\/2025\\\/05\\\/Ateliers1-1024x683.jpg\",\"datePublished\":\"2022-04-01T17:42:48+00:00\",\"dateModified\":\"2025-10-23T09:51:04+00:00\",\"breadcrumb\":{\"@id\":\"https:\\\/\\\/nadegelelievre.com\\\/?page_id=15427#breadcrumb\"},\"inLanguage\":\"fr-FR\",\"potentialAction\":[{\"@type\":\"ReadAction\",\"target\":[\"https:\\\/\\\/nadegelelievre.com\\\/?page_id=15427\"]}]},{\"@type\":\"ImageObject\",\"inLanguage\":\"fr-FR\",\"@id\":\"https:\\\/\\\/nadegelelievre.com\\\/?page_id=15427#primaryimage\",\"url\":\"https:\\\/\\\/i0.wp.com\\\/nadegelelievre.com\\\/wp-content\\\/uploads\\\/2025\\\/05\\\/Ateliers1.jpg?fit=1600%2C1067&ssl=1\",\"contentUrl\":\"https:\\\/\\\/i0.wp.com\\\/nadegelelievre.com\\\/wp-content\\\/uploads\\\/2025\\\/05\\\/Ateliers1.jpg?fit=1600%2C1067&ssl=1\",\"width\":1600,\"height\":1067},{\"@type\":\"BreadcrumbList\",\"@id\":\"https:\\\/\\\/nadegelelievre.com\\\/?page_id=15427#breadcrumb\",\"itemListElement\":[{\"@type\":\"ListItem\",\"position\":1,\"name\":\"Accueil\",\"item\":\"https:\\\/\\\/nadegelelievre.com\\\/\"},{\"@type\":\"ListItem\",\"position\":2,\"name\":\"Ateliers\"}]},{\"@type\":\"WebSite\",\"@id\":\"https:\\\/\\\/nadegelelievre.com\\\/#website\",\"url\":\"https:\\\/\\\/nadegelelievre.com\\\/\",\"name\":\"\u2605 Under my skin \u2605 Nadege Lelievre\",\"description\":\"Art Graphisme Illustration\",\"publisher\":{\"@id\":\"https:\\\/\\\/nadegelelievre.com\\\/#organization\"},\"potentialAction\":[{\"@type\":\"SearchAction\",\"target\":{\"@type\":\"EntryPoint\",\"urlTemplate\":\"https:\\\/\\\/nadegelelievre.com\\\/?s={search_term_string}\"},\"query-input\":{\"@type\":\"PropertyValueSpecification\",\"valueRequired\":true,\"valueName\":\"search_term_string\"}}],\"inLanguage\":\"fr-FR\"},{\"@type\":\"Organization\",\"@id\":\"https:\\\/\\\/nadegelelievre.com\\\/#organization\",\"name\":\"Under my skin\",\"url\":\"https:\\\/\\\/nadegelelievre.com\\\/\",\"logo\":{\"@type\":\"ImageObject\",\"inLanguage\":\"fr-FR\",\"@id\":\"https:\\\/\\\/nadegelelievre.com\\\/#\\\/schema\\\/logo\\\/image\\\/\",\"url\":\"https:\\\/\\\/i0.wp.com\\\/undermyskin.fr\\\/wp-content\\\/uploads\\\/2021\\\/08\\\/LOGOundermyskin.png?fit=364%2C218&ssl=1\",\"contentUrl\":\"https:\\\/\\\/i0.wp.com\\\/undermyskin.fr\\\/wp-content\\\/uploads\\\/2021\\\/08\\\/LOGOundermyskin.png?fit=364%2C218&ssl=1\",\"width\":364,\"height\":218,\"caption\":\"Under my skin\"},\"image\":{\"@id\":\"https:\\\/\\\/nadegelelievre.com\\\/#\\\/schema\\\/logo\\\/image\\\/\"},\"sameAs\":[\"https:\\\/\\\/www.instagram.com\\\/nadege_lelievre\\\/\"]}]}<\/script>\n<!-- \/ Yoast SEO plugin. -->","yoast_head_json":{"title":"Ateliers &#8902; Nadege Lelievre","robots":{"index":"index","follow":"follow","max-snippet":"max-snippet:-1","max-image-preview":"max-image-preview:large","max-video-preview":"max-video-preview:-1"},"canonical":"https:\/\/nadegelelievre.com\/?page_id=15427","og_locale":"fr_FR","og_type":"article","og_title":"Ateliers &#8902; Nadege Lelievre","og_description":"Un lieu pour renouer avec sa cr\u00e9ativit\u00e9, apprivoiser l&rsquo;aquarelle ou lib\u00e9rer son geste, en douceur et \u00e0 son rythme. Je suis artiste plasticienne et graphiste, avec un parcours nourri de plusieurs exp\u00e9riences dans le domaine artistique et p\u00e9dagogique. Apr\u00e8s un passage aux Beaux-Arts, j\u2019ai \u00e9largi mes comp\u00e9tences au graphisme, au stylisme, au mod\u00e9lisme, puis je me suis form\u00e9e \u00e0 l\u2019art-th\u00e9rapie ainsi qu\u2019\u00e0 la p\u00e9dagogie. &hellip; Lire la suite Ateliers","og_url":"https:\/\/nadegelelievre.com\/?page_id=15427","og_site_name":"Nadege Lelievre","article_modified_time":"2025-10-23T09:51:04+00:00","og_image":[{"url":"https:\/\/nadegelelievre.com\/wp-content\/uploads\/2025\/05\/Ateliers1-1024x683.jpg","type":"","width":"","height":""}],"twitter_card":"summary_large_image","twitter_misc":{"Dur\u00e9e de lecture estim\u00e9e":"6 minutes"},"schema":{"@context":"https:\/\/schema.org","@graph":[{"@type":"WebPage","@id":"https:\/\/nadegelelievre.com\/?page_id=15427","url":"https:\/\/nadegelelievre.com\/?page_id=15427","name":"Ateliers &#8902; Nadege Lelievre","isPartOf":{"@id":"https:\/\/nadegelelievre.com\/#website"},"primaryImageOfPage":{"@id":"https:\/\/nadegelelievre.com\/?page_id=15427#primaryimage"},"image":{"@id":"https:\/\/nadegelelievre.com\/?page_id=15427#primaryimage"},"thumbnailUrl":"https:\/\/nadegelelievre.com\/wp-content\/uploads\/2025\/05\/Ateliers1-1024x683.jpg","datePublished":"2022-04-01T17:42:48+00:00","dateModified":"2025-10-23T09:51:04+00:00","breadcrumb":{"@id":"https:\/\/nadegelelievre.com\/?page_id=15427#breadcrumb"},"inLanguage":"fr-FR","potentialAction":[{"@type":"ReadAction","target":["https:\/\/nadegelelievre.com\/?page_id=15427"]}]},{"@type":"ImageObject","inLanguage":"fr-FR","@id":"https:\/\/nadegelelievre.com\/?page_id=15427#primaryimage","url":"https:\/\/i0.wp.com\/nadegelelievre.com\/wp-content\/uploads\/2025\/05\/Ateliers1.jpg?fit=1600%2C1067&ssl=1","contentUrl":"https:\/\/i0.wp.com\/nadegelelievre.com\/wp-content\/uploads\/2025\/05\/Ateliers1.jpg?fit=1600%2C1067&ssl=1","width":1600,"height":1067},{"@type":"BreadcrumbList","@id":"https:\/\/nadegelelievre.com\/?page_id=15427#breadcrumb","itemListElement":[{"@type":"ListItem","position":1,"name":"Accueil","item":"https:\/\/nadegelelievre.com\/"},{"@type":"ListItem","position":2,"name":"Ateliers"}]},{"@type":"WebSite","@id":"https:\/\/nadegelelievre.com\/#website","url":"https:\/\/nadegelelievre.com\/","name":"\u2605 Under my skin \u2605 Nadege Lelievre","description":"Art Graphisme Illustration","publisher":{"@id":"https:\/\/nadegelelievre.com\/#organization"},"potentialAction":[{"@type":"SearchAction","target":{"@type":"EntryPoint","urlTemplate":"https:\/\/nadegelelievre.com\/?s={search_term_string}"},"query-input":{"@type":"PropertyValueSpecification","valueRequired":true,"valueName":"search_term_string"}}],"inLanguage":"fr-FR"},{"@type":"Organization","@id":"https:\/\/nadegelelievre.com\/#organization","name":"Under my skin","url":"https:\/\/nadegelelievre.com\/","logo":{"@type":"ImageObject","inLanguage":"fr-FR","@id":"https:\/\/nadegelelievre.com\/#\/schema\/logo\/image\/","url":"https:\/\/i0.wp.com\/undermyskin.fr\/wp-content\/uploads\/2021\/08\/LOGOundermyskin.png?fit=364%2C218&ssl=1","contentUrl":"https:\/\/i0.wp.com\/undermyskin.fr\/wp-content\/uploads\/2021\/08\/LOGOundermyskin.png?fit=364%2C218&ssl=1","width":364,"height":218,"caption":"Under my skin"},"image":{"@id":"https:\/\/nadegelelievre.com\/#\/schema\/logo\/image\/"},"sameAs":["https:\/\/www.instagram.com\/nadege_lelievre\/"]}]}},"jetpack_likes_enabled":false,"jetpack_sharing_enabled":true,"jetpack_shortlink":"https:\/\/wp.me\/P9GAjF-40P","amp_enabled":true,"_links":{"self":[{"href":"https:\/\/nadegelelievre.com\/index.php?rest_route=\/wp\/v2\/pages\/15427","targetHints":{"allow":["GET"]}}],"collection":[{"href":"https:\/\/nadegelelievre.com\/index.php?rest_route=\/wp\/v2\/pages"}],"about":[{"href":"https:\/\/nadegelelievre.com\/index.php?rest_route=\/wp\/v2\/types\/page"}],"author":[{"embeddable":true,"href":"https:\/\/nadegelelievre.com\/index.php?rest_route=\/wp\/v2\/users\/42316807"}],"replies":[{"embeddable":true,"href":"https:\/\/nadegelelievre.com\/index.php?rest_route=%2Fwp%2Fv2%2Fcomments&post=15427"}],"version-history":[{"count":30,"href":"https:\/\/nadegelelievre.com\/index.php?rest_route=\/wp\/v2\/pages\/15427\/revisions"}],"predecessor-version":[{"id":18819,"href":"https:\/\/nadegelelievre.com\/index.php?rest_route=\/wp\/v2\/pages\/15427\/revisions\/18819"}],"wp:attachment":[{"href":"https:\/\/nadegelelievre.com\/index.php?rest_route=%2Fwp%2Fv2%2Fmedia&parent=15427"}],"curies":[{"name":"wp","href":"https:\/\/api.w.org\/{rel}","templated":true}]}}